{"id":5534,"date":"2025-09-11T15:10:16","date_gmt":"2025-09-11T15:10:16","guid":{"rendered":"https:\/\/objektmobiliar.ch\/?page_id=5534"},"modified":"2025-09-11T15:11:26","modified_gmt":"2025-09-11T15:11:26","slug":"nouveau-mobilier-de-salle-a-manger","status":"publish","type":"page","link":"https:\/\/objektmobiliar.ch\/fr\/referenzen\/neues-speisesaal-mobiliar\/","title":{"rendered":"Solino Boswil"},"content":{"rendered":"<div class=\"lazyblock-bildslider-fullsize-ozg-IP7p2 wp-block-lazyblock-bildslider-fullsize-ozg\"><section class=\"sct nopadding\">\r\n      <div data-delay=\"9000\" data-animation=\"fade\" class=\"elmnt-homeslider w-slider\" data-autoplay=\"true\" data-easing=\"linear\" data-hide-arrows=\"false\" data-disable-swipe=\"true\" data-autoplay-limit=\"0\" data-nav-spacing=\"3\" data-duration=\"2000\" data-infinite=\"true\">\r\n        \r\n      <div class=\"visual-homeslider\" ><\/div>\r\n        \r\n       <div class=\"w-slider-mask\">\r\n          <div class=\"homeslider-slide w-slide\">\r\n            <div class=\"homeslider-img\"><img decoding=\"async\" src=\"https:\/\/objektmobiliar.ch\/wp-content\/uploads\/2025\/09\/OZG-Objektmoebel-Speisesaal-Pflegeheim-Solino.jpg\" loading=\"eager\" alt=\"\"><\/div>\r\n          <\/div>\r\n        <\/div>\r\n        <div class=\"hidden w-slider-arrow-left\">\r\n          <div class=\"w-icon-slider-left\"><\/div>\r\n        <\/div>\r\n        <div class=\"hidden w-slider-arrow-right\">\r\n          <div class=\"w-icon-slider-right\"><\/div>\r\n        <\/div>\r\n        <div class=\"hidden w-slider-nav\"><\/div>\r\n      <\/div>\r\n    <\/section><\/div>\n\n<div class=\"lazyblock-text-modul-ozg-7dmwG wp-block-lazyblock-text-modul-ozg\"><section class=\"sct\">\r\n      <div class=\"cnt narrow\">\r\n        <div class=\"w-richtext\">\r\n            <h1>Neues Speisesaal Mobiliar des Pflegeheims Solino<\/h1>\n<p>Das Solino bietet 51 grossz\u00fcgige, rollstuhlg\u00e4ngige Pflegezimmer sowie 22 1- bis 4-Zimmer Alterswohnungen. Die bestens ausgebaute Infrastruktur mit Cafeteria, einer Gartenanlage und einem kleinen Tierpark schaffen ein neues Zuhause. Im Speisesaal werden t\u00e4glich drei Mahlzeiten gereicht.<\/p>\n<p>Diesen Speisesaal sowie auch ein Sitzungszimmer durften wir von OZG mit neuem Mobiliar passend zum Einrichtungs- und Farbkonzept ausstatten.<\/p>\n<p>Im Saal befinden sich u.a. attraktive Raumteilerelemente mit Lamellen in einem dunklen Gr\u00fcn. Farblich dazu passend entschied sich das Solino f\u00fcr St\u00fchle mit Kunstlederbez\u00fcgen in Hellgr\u00fcn und Rahmen aus massiver Buche gebeizt im Dekor &#8220;Ahorn After Eight&#8221; \u2013 einem dunklen Braunton, der wunderbar mit den Gr\u00fcnt\u00f6nen im Raum harmoniert.<\/p>\r\n        <\/div>\r\n      <\/div>\r\n    <\/section><\/div>\n\n<div class=\"lazyblock-text-modul-ozg-Z26fjbg wp-block-lazyblock-text-modul-ozg\"><section class=\"sct\">\r\n      <div class=\"cnt narrow\">\r\n        <div class=\"w-richtext\">\r\n            <div style=\"width: 1920px;\" class=\"wp-video\"><video class=\"wp-video-shortcode\" id=\"video-5534-1\" width=\"1920\" height=\"1080\" poster=\"https:\/\/objektmobiliar.ch\/wp-content\/uploads\/2025\/09\/OZG-Objektmoebel-Speisesaal-Pflegeheim-Solino.jpg\" preload=\"metadata\" controls=\"controls\"><source type=\"video\/mp4\" src=\"https:\/\/objektmobiliar.ch\/wp-content\/uploads\/2025\/09\/OZG-Referenz-Solino-Video-2k.mp4?_=1\" \/><a href=\"https:\/\/objektmobiliar.ch\/wp-content\/uploads\/2025\/09\/OZG-Referenz-Solino-Video-2k.mp4\">https:\/\/objektmobiliar.ch\/wp-content\/uploads\/2025\/09\/OZG-Referenz-Solino-Video-2k.mp4<\/a><\/video><\/div>\r\n        <\/div>\r\n      <\/div>\r\n    <\/section><\/div>\n\n<div class=\"lazyblock-text-modul-ozg-Z1lFAxB wp-block-lazyblock-text-modul-ozg\"><section class=\"sct\">\r\n      <div class=\"cnt narrow\">\r\n        <div class=\"w-richtext\">\r\n            <h2>Attraktive St\u00fchle und Tische im Pflegeheim Speisesaal<\/h2>\n<p>Folgendes neues Speisesaal Mobiliar durften wir f\u00fcr das Pflegeheim liefern:<\/p>\n<ul>\n<li><strong>Stuhl Paloma 8<\/strong> mit und ohne Armlehnen, stapelbar, R\u00fcckengriffleiste, Bezug Kunstleder Hellgr\u00fcn, Rahmen massive Buche gebeizt in Ahorn Dunkelbraun<\/li>\n<li><strong>Mittels\u00e4ulentisch Mara<\/strong> 80&#215;80 cm, mit Zentralfuss, Tischs\u00e4ule Metall Graubraun, Tischplatte Dekor Beige, Kante Ahorn Dunkelbraun<\/li>\n<li><strong>Tisch Mali<\/strong> 160&#215;100 cm, vier Tischbeine aus Buche massiv, rollstuhlunterfahrbar, Tischplatte HPL Dekor Beige, Tischkante ABS Dekor Ahorn Dunkelbraun<\/li>\n<li><strong>Lange Sitzbank<\/strong> auf Anfrage<\/li>\n<\/ul>\r\n        <\/div>\r\n      <\/div>\r\n    <\/section><\/div>\n\n<div class=\"lazyblock-bildergalerie-lightbox-ozg-Z27wqtd wp-block-lazyblock-bildergalerie-lightbox-ozg\"><section class=\"sct\">\r\n  <div class=\"cnt semi\">\r\n    <div class=\"introtxt\">\r\n    <div class=\"w-richtext\">\r\n        <h2 id=\"bildergalerie-pflanzenzimmer-mit-objektmobeln-von-ozg\">Bildergalerie: St\u00fchle und Tische im renovierten Gastro-Bereich<\/h2>\r\n    <\/div>\r\n    <\/div>\r\n  \r\n    <div class=\"elmnt-imggallery\">\r\n      <a href=\"#\" class=\"imggallery-link w-inline-block w-lightbox\">\r\n        <img decoding=\"async\" src=\"https:\/\/objektmobiliar.ch\/wp-content\/uploads\/2025\/09\/Sitzbereich-Moebel-Pflegeeinrichtung-Solino.jpg\" loading=\"lazy\" alt=\"\" class=\"imggallery-img\">\r\n        <script type=\"application\/json\" class=\"w-json\">\r\n            {\r\n              \"items\": [{\r\n\r\n                \"url\": \"https:\/\/objektmobiliar.ch\/wp-content\/uploads\/2025\/09\/Sitzbereich-Moebel-Pflegeeinrichtung-Solino.jpg\",\r\n                \"caption\": \"\",\r\n                \"type\": \"image\"\r\n              }],\r\n              \"group\": \"\"\r\n            }\r\n          <\/script>\r\n      <\/a>\r\n      <a href=\"#\" class=\"imggallery-link w-inline-block w-lightbox\">\r\n        <img decoding=\"async\" src=\"https:\/\/objektmobiliar.ch\/wp-content\/uploads\/2025\/09\/Speisesaal-Moebel-Pflegeheim-Solino.jpg\" loading=\"lazy\" alt=\"\" class=\"imggallery-img\">\r\n        <script type=\"application\/json\" class=\"w-json\">\r\n            {\r\n              \"items\": [{\r\n\r\n                \"url\": \"https:\/\/objektmobiliar.ch\/wp-content\/uploads\/2025\/09\/Speisesaal-Moebel-Pflegeheim-Solino.jpg\",\r\n                \"caption\": \"\",\r\n                \"type\": \"image\"\r\n              }],\r\n              \"group\": \"\"\r\n            }\r\n          <\/script>\r\n      <\/a>\r\n      <a href=\"#\" class=\"imggallery-link w-inline-block w-lightbox\">\r\n        <img decoding=\"async\" src=\"https:\/\/objektmobiliar.ch\/wp-content\/uploads\/2025\/09\/Grosser-Restaurantbereich-mit-OZG-Objektmobiliar.jpg\" loading=\"lazy\" alt=\"\" class=\"imggallery-img\">\r\n        <script type=\"application\/json\" class=\"w-json\">\r\n            {\r\n              \"items\": [{\r\n\r\n                \"url\": \"https:\/\/objektmobiliar.ch\/wp-content\/uploads\/2025\/09\/Grosser-Restaurantbereich-mit-OZG-Objektmobiliar.jpg\",\r\n                \"caption\": \"\",\r\n                \"type\": \"image\"\r\n              }],\r\n              \"group\": \"\"\r\n            }\r\n          <\/script>\r\n      <\/a>\r\n      <a href=\"#\" class=\"imggallery-link w-inline-block w-lightbox\">\r\n        <img decoding=\"async\" src=\"https:\/\/objektmobiliar.ch\/wp-content\/uploads\/2025\/09\/Stuehle-Tische-Sitzbank-im-Pflegeheim-Solino.jpg\" loading=\"lazy\" alt=\"\" class=\"imggallery-img\">\r\n        <script type=\"application\/json\" class=\"w-json\">\r\n            {\r\n              \"items\": [{\r\n\r\n                \"url\": \"https:\/\/objektmobiliar.ch\/wp-content\/uploads\/2025\/09\/Stuehle-Tische-Sitzbank-im-Pflegeheim-Solino.jpg\",\r\n                \"caption\": \"\",\r\n                \"type\": \"image\"\r\n              }],\r\n              \"group\": \"\"\r\n            }\r\n          <\/script>\r\n      <\/a>\r\n      <a href=\"#\" class=\"imggallery-link w-inline-block w-lightbox\">\r\n        <img decoding=\"async\" src=\"https:\/\/objektmobiliar.ch\/wp-content\/uploads\/2025\/09\/Speiseraum-Mobiliar-Pflegeeinrichtung-Solino.jpg\" loading=\"lazy\" alt=\"\" class=\"imggallery-img\">\r\n        <script type=\"application\/json\" class=\"w-json\">\r\n            {\r\n              \"items\": [{\r\n\r\n                \"url\": \"https:\/\/objektmobiliar.ch\/wp-content\/uploads\/2025\/09\/Speiseraum-Mobiliar-Pflegeeinrichtung-Solino.jpg\",\r\n                \"caption\": \"\",\r\n                \"type\": \"image\"\r\n              }],\r\n              \"group\": \"\"\r\n            }\r\n          <\/script>\r\n      <\/a>\r\n    <\/div>\r\n    \r\n  <\/div>\r\n<\/section><\/div>\n\n<div class=\"lazyblock-text-modul-ozg-3bRdI wp-block-lazyblock-text-modul-ozg\"><section class=\"sct\">\r\n      <div class=\"cnt semi\">\r\n        <div class=\"w-richtext\">\r\n            <h3 id=\"kontaktieren-sie-uns\" style=\"text-align: center;\">Kontaktieren Sie uns:<\/h3>\n<p style=\"text-align: center;\">Sie haben Interesse an unseren M\u00f6beln und Einrichtungskonzepten?<br \/>Kontaktieren Sie uns jederzeit \u00fcber das Formular auf dieser Seite, unter info@ozg.ch oder 044 576 02 10.<\/p>\r\n        <\/div>\r\n            <div class=\"center\"><a onclick=\"splite_loader();\" class=\"btn\" >Kontakt mit OZG<\/a><\/div>\r\n      <\/div>\r\n    <\/section><\/div>","protected":false},"excerpt":{"rendered":"","protected":false},"author":4,"featured_media":0,"parent":1035,"menu_order":0,"comment_status":"closed","ping_status":"closed","template":"","meta":{"advgb_blocks_editor_width":"","advgb_blocks_columns_visual_guide":"","footnotes":""},"class_list":["post-5534","page","type-page","status-publish","hentry"],"yoast_head":"<!-- This site is optimized with the Yoast SEO plugin v27.5 - https:\/\/yoast.com\/product\/yoast-seo-wordpress\/ -->\n<title>Neues Speisesaal Mobiliar - OZG Objektmobiliar<\/title>\n<meta name=\"description\" content=\"Im renovierten Gastro-Bereich des Pflegeheimes Solino finden Sie neues Speisesaal Mobiliar von OZG farblich passend zum Einrichtungskonzept.\" \/>\n<meta name=\"robots\" content=\"index, follow, max-snippet:-1, max-image-preview:large, max-video-preview:-1\" \/>\n<link rel=\"canonical\" href=\"https:\/\/objektmobiliar.ch\/fr\/references\/nouveau-mobilier-de-salle-a-manger\/\" \/>\n<meta property=\"og:locale\" content=\"fr_FR\" \/>\n<meta property=\"og:type\" content=\"article\" \/>\n<meta property=\"og:title\" content=\"Neues Speisesaal Mobiliar - OZG Objektmobiliar\" \/>\n<meta property=\"og:description\" content=\"Im renovierten Gastro-Bereich des Pflegeheimes Solino finden Sie neues Speisesaal Mobiliar von OZG farblich passend zum Einrichtungskonzept.\" \/>\n<meta property=\"og:url\" content=\"https:\/\/objektmobiliar.ch\/fr\/references\/nouveau-mobilier-de-salle-a-manger\/\" \/>\n<meta property=\"og:site_name\" content=\"OZG HEALTHCARE\" \/>\n<meta property=\"article:modified_time\" content=\"2025-09-11T15:11:26+00:00\" \/>\n<meta name=\"twitter:card\" content=\"summary_large_image\" \/>\n<meta name=\"twitter:label1\" content=\"Dur\u00e9e de lecture estim\u00e9e\" \/>\n\t<meta name=\"twitter:data1\" content=\"3 minutes\" \/>\n<script type=\"application\/ld+json\" class=\"yoast-schema-graph\">{\"@context\":\"https:\\\/\\\/schema.org\",\"@graph\":[{\"@type\":\"WebPage\",\"@id\":\"https:\\\/\\\/objektmobiliar.ch\\\/referenzen\\\/neues-speisesaal-mobiliar\\\/\",\"url\":\"https:\\\/\\\/objektmobiliar.ch\\\/referenzen\\\/neues-speisesaal-mobiliar\\\/\",\"name\":\"Neues Speisesaal Mobiliar - OZG Objektmobiliar\",\"isPartOf\":{\"@id\":\"https:\\\/\\\/objektmobiliar.ch\\\/#website\"},\"datePublished\":\"2025-09-11T15:10:16+00:00\",\"dateModified\":\"2025-09-11T15:11:26+00:00\",\"description\":\"Im renovierten Gastro-Bereich des Pflegeheimes Solino finden Sie neues Speisesaal Mobiliar von OZG farblich passend zum Einrichtungskonzept.\",\"breadcrumb\":{\"@id\":\"https:\\\/\\\/objektmobiliar.ch\\\/referenzen\\\/neues-speisesaal-mobiliar\\\/#breadcrumb\"},\"inLanguage\":\"fr-FR\",\"potentialAction\":[{\"@type\":\"ReadAction\",\"target\":[\"https:\\\/\\\/objektmobiliar.ch\\\/referenzen\\\/neues-speisesaal-mobiliar\\\/\"]}]},{\"@type\":\"BreadcrumbList\",\"@id\":\"https:\\\/\\\/objektmobiliar.ch\\\/referenzen\\\/neues-speisesaal-mobiliar\\\/#breadcrumb\",\"itemListElement\":[{\"@type\":\"ListItem\",\"position\":1,\"name\":\"Startseite\",\"item\":\"https:\\\/\\\/objektmobiliar.ch\\\/\"},{\"@type\":\"ListItem\",\"position\":2,\"name\":\"Referenzen\",\"item\":\"https:\\\/\\\/objektmobiliar.ch\\\/referenzen\\\/\"},{\"@type\":\"ListItem\",\"position\":3,\"name\":\"Solino Boswil\"}]},{\"@type\":\"WebSite\",\"@id\":\"https:\\\/\\\/objektmobiliar.ch\\\/#website\",\"url\":\"https:\\\/\\\/objektmobiliar.ch\\\/\",\"name\":\"OZG HEALTHCARE\",\"description\":\"Objektmobiliar f\u00fcr Pflege, B\u00fcro, Praxis &amp; Hotellerie\",\"potentialAction\":[{\"@type\":\"SearchAction\",\"target\":{\"@type\":\"EntryPoint\",\"urlTemplate\":\"https:\\\/\\\/objektmobiliar.ch\\\/?s={search_term_string}\"},\"query-input\":{\"@type\":\"PropertyValueSpecification\",\"valueRequired\":true,\"valueName\":\"search_term_string\"}}],\"inLanguage\":\"fr-FR\"}]}<\/script>\n<!-- \/ Yoast SEO plugin. -->","yoast_head_json":{"title":"Nouveau mobilier de salle \u00e0 manger - OZG Objektmobiliar","description":"Dans l'espace gastronomique r\u00e9nov\u00e9 de la maison de soins Solino, vous trouverez du nouveau mobilier de salle \u00e0 manger de OZG aux couleurs assorties au concept d'am\u00e9nagement.","robots":{"index":"index","follow":"follow","max-snippet":"max-snippet:-1","max-image-preview":"max-image-preview:large","max-video-preview":"max-video-preview:-1"},"canonical":"https:\/\/objektmobiliar.ch\/fr\/references\/nouveau-mobilier-de-salle-a-manger\/","og_locale":"fr_FR","og_type":"article","og_title":"Neues Speisesaal Mobiliar - OZG Objektmobiliar","og_description":"Im renovierten Gastro-Bereich des Pflegeheimes Solino finden Sie neues Speisesaal Mobiliar von OZG farblich passend zum Einrichtungskonzept.","og_url":"https:\/\/objektmobiliar.ch\/fr\/references\/nouveau-mobilier-de-salle-a-manger\/","og_site_name":"OZG HEALTHCARE","article_modified_time":"2025-09-11T15:11:26+00:00","twitter_card":"summary_large_image","twitter_misc":{"Dur\u00e9e de lecture estim\u00e9e":"3 minutes"},"schema":{"@context":"https:\/\/schema.org","@graph":[{"@type":"WebPage","@id":"https:\/\/objektmobiliar.ch\/referenzen\/neues-speisesaal-mobiliar\/","url":"https:\/\/objektmobiliar.ch\/referenzen\/neues-speisesaal-mobiliar\/","name":"Nouveau mobilier de salle \u00e0 manger - OZG Objektmobiliar","isPartOf":{"@id":"https:\/\/objektmobiliar.ch\/#website"},"datePublished":"2025-09-11T15:10:16+00:00","dateModified":"2025-09-11T15:11:26+00:00","description":"Dans l'espace gastronomique r\u00e9nov\u00e9 de la maison de soins Solino, vous trouverez du nouveau mobilier de salle \u00e0 manger de OZG aux couleurs assorties au concept d'am\u00e9nagement.","breadcrumb":{"@id":"https:\/\/objektmobiliar.ch\/referenzen\/neues-speisesaal-mobiliar\/#breadcrumb"},"inLanguage":"fr-FR","potentialAction":[{"@type":"ReadAction","target":["https:\/\/objektmobiliar.ch\/referenzen\/neues-speisesaal-mobiliar\/"]}]},{"@type":"BreadcrumbList","@id":"https:\/\/objektmobiliar.ch\/referenzen\/neues-speisesaal-mobiliar\/#breadcrumb","itemListElement":[{"@type":"ListItem","position":1,"name":"Startseite","item":"https:\/\/objektmobiliar.ch\/"},{"@type":"ListItem","position":2,"name":"Referenzen","item":"https:\/\/objektmobiliar.ch\/referenzen\/"},{"@type":"ListItem","position":3,"name":"Solino Boswil"}]},{"@type":"WebSite","@id":"https:\/\/objektmobiliar.ch\/#website","url":"https:\/\/objektmobiliar.ch\/","name":"OZG HEALTHCARE","description":"Mobilier de collectivit\u00e9 pour les soins, les bureaux, les cabinets m\u00e9dicaux et l'h\u00f4tellerie","potentialAction":[{"@type":"SearchAction","target":{"@type":"EntryPoint","urlTemplate":"https:\/\/objektmobiliar.ch\/?s={search_term_string}"},"query-input":{"@type":"PropertyValueSpecification","valueRequired":true,"valueName":"search_term_string"}}],"inLanguage":"fr-FR"}]}},"coauthors":[],"author_meta":{"author_link":"https:\/\/objektmobiliar.ch\/fr\/author\/isa-dahmen\/","display_name":"Isa Dahmen"},"relative_dates":{"created":"Publi\u00e9 8 mois il y a","modified":"Mis \u00e0 jour 8 mois il y a"},"absolute_dates":{"created":"Publi\u00e9 le septembre 11, 2025","modified":"Mise \u00e0 jour le septembre 11, 2025"},"absolute_dates_time":{"created":"Publi\u00e9 le septembre 11, 2025 3:10 pm","modified":"Mise \u00e0 jour le septembre 11, 2025 3:11 pm"},"featured_img_caption":"","featured_img":false,"series_order":"","_links":{"self":[{"href":"https:\/\/objektmobiliar.ch\/fr\/wp-json\/wp\/v2\/pages\/5534","targetHints":{"allow":["GET"]}}],"collection":[{"href":"https:\/\/objektmobiliar.ch\/fr\/wp-json\/wp\/v2\/pages"}],"about":[{"href":"https:\/\/objektmobiliar.ch\/fr\/wp-json\/wp\/v2\/types\/page"}],"author":[{"embeddable":true,"href":"https:\/\/objektmobiliar.ch\/fr\/wp-json\/wp\/v2\/users\/4"}],"replies":[{"embeddable":true,"href":"https:\/\/objektmobiliar.ch\/fr\/wp-json\/wp\/v2\/comments?post=5534"}],"version-history":[{"count":5,"href":"https:\/\/objektmobiliar.ch\/fr\/wp-json\/wp\/v2\/pages\/5534\/revisions"}],"predecessor-version":[{"id":5546,"href":"https:\/\/objektmobiliar.ch\/fr\/wp-json\/wp\/v2\/pages\/5534\/revisions\/5546"}],"up":[{"embeddable":true,"href":"https:\/\/objektmobiliar.ch\/fr\/wp-json\/wp\/v2\/pages\/1035"}],"wp:attachment":[{"href":"https:\/\/objektmobiliar.ch\/fr\/wp-json\/wp\/v2\/media?parent=5534"}],"curies":[{"name":"wp","href":"https:\/\/api.w.org\/{rel}","templated":true}]}}