{"id":5371,"date":"2025-06-12T12:06:01","date_gmt":"2025-06-12T12:06:01","guid":{"rendered":"https:\/\/objektmobiliar.ch\/?page_id=5371"},"modified":"2025-06-12T12:08:00","modified_gmt":"2025-06-12T12:08:00","slug":"mobilier-dobjet-dans-la-chambre-des-plantes","status":"publish","type":"page","link":"https:\/\/objektmobiliar.ch\/fr\/referenzen\/objektmobiliar-im-pflanzenzimmer\/","title":{"rendered":"Saint-Jean Hergiswil"},"content":{"rendered":"<div class=\"lazyblock-bildslider-fullsize-ozg-Z2uLq0g wp-block-lazyblock-bildslider-fullsize-ozg\"><section class=\"sct nopadding\">\r\n      <div data-delay=\"9000\" data-animation=\"fade\" class=\"elmnt-homeslider w-slider\" data-autoplay=\"true\" data-easing=\"linear\" data-hide-arrows=\"false\" data-disable-swipe=\"true\" data-autoplay-limit=\"0\" data-nav-spacing=\"3\" data-duration=\"2000\" data-infinite=\"true\">\r\n        \r\n      <div class=\"visual-homeslider\" ><\/div>\r\n        \r\n       <div class=\"w-slider-mask\">\r\n          <div class=\"homeslider-slide w-slide\">\r\n            <div class=\"homeslider-img\"><img decoding=\"async\" src=\"https:\/\/objektmobiliar.ch\/wp-content\/uploads\/2025\/06\/Objektmobiliar-Referenz-St.-Johann-Hergiswil.jpg\" loading=\"eager\" alt=\"\"><\/div>\r\n          <\/div>\r\n        <\/div>\r\n        <div class=\"hidden w-slider-arrow-left\">\r\n          <div class=\"w-icon-slider-left\"><\/div>\r\n        <\/div>\r\n        <div class=\"hidden w-slider-arrow-right\">\r\n          <div class=\"w-icon-slider-right\"><\/div>\r\n        <\/div>\r\n        <div class=\"hidden w-slider-nav\"><\/div>\r\n      <\/div>\r\n    <\/section><\/div>\n\n<div class=\"lazyblock-text-modul-ozg-1SEvx1 wp-block-lazyblock-text-modul-ozg\"><section class=\"sct\">\r\n      <div class=\"cnt narrow\">\r\n        <div class=\"w-richtext\">\r\n            <h1>Objektmobiliar im Pflanzenzimmer St. Johann<\/h1>\n<p><strong>Das St. Johann liegt im idyllischen Hergiswil nahe Willisau. Es bietet bis zu 56 Bewohnenden ein vielseitiges Zuhause.<\/strong><\/p>\n<p>Ende 2024 wurde in einer Stube im 2. Stock das sogenannte Pflanzenzimmer eingerichtet, das seitdem allen Bewohnerinnen, Bewohnern und ihren G\u00e4sten zur Verf\u00fcgung steht. Mit Hilfe von floralen Tapeten und vielen unterschiedlichen Zimmerpflanzen wurde hier eine Wohlf\u00fchl-Oase geschaffen, die zum Verweilen, Spielen und Beisammensein einl\u00e4dt.\u00a0<\/p>\n<p>Das Objektmobiliar im Pflanzenzimmer mit farblich abgestimmten Bez\u00fcgen und ebenfalls teils floralen Mustern stammt aus dem umfangreichen Sortiment von OZG.<\/p>\n<div style=\"width: 1920px;\" class=\"wp-video\"><video class=\"wp-video-shortcode\" id=\"video-5371-1\" width=\"1920\" height=\"1080\" poster=\"https:\/\/objektmobiliar.ch\/wp-content\/uploads\/2025\/06\/Video-Objektmobiliar-Pflanzenzimmer-St.-Johann.png\" preload=\"metadata\" controls=\"controls\"><source type=\"video\/mp4\" src=\"https:\/\/objektmobiliar.ch\/wp-content\/uploads\/2025\/06\/OZG-Referenz-St.-Johann-2k.mp4?_=1\" \/><a href=\"https:\/\/objektmobiliar.ch\/wp-content\/uploads\/2025\/06\/OZG-Referenz-St.-Johann-2k.mp4\">https:\/\/objektmobiliar.ch\/wp-content\/uploads\/2025\/06\/OZG-Referenz-St.-Johann-2k.mp4<\/a><\/video><\/div>\r\n        <\/div>\r\n            <div class=\"center\"><a onclick=\"splite_loader();\" class=\"btn\" >Beratung anfragen<\/a><\/div>\r\n      <\/div>\r\n    <\/section><\/div>\n\n<div class=\"lazyblock-bildergalerie-lightbox-ozg-ZKPU4G wp-block-lazyblock-bildergalerie-lightbox-ozg\"><section class=\"sct\">\r\n  <div class=\"cnt semi\">\r\n    <div class=\"introtxt\">\r\n    <div class=\"w-richtext\">\r\n        <h2>Bildergalerie: Pflanzenzimmer mit Objektm\u00f6beln von OZG<\/h2>\r\n    <\/div>\r\n    <\/div>\r\n  \r\n    <div class=\"elmnt-imggallery\">\r\n      <a href=\"#\" class=\"imggallery-link w-inline-block w-lightbox\">\r\n        <img decoding=\"async\" src=\"https:\/\/objektmobiliar.ch\/wp-content\/uploads\/2025\/06\/Objektmobiliar-Sitzgruppe-im-Pflanzenzimmer.jpg\" loading=\"lazy\" alt=\"\" class=\"imggallery-img\">\r\n        <script type=\"application\/json\" class=\"w-json\">\r\n            {\r\n              \"items\": [{\r\n\r\n                \"url\": \"https:\/\/objektmobiliar.ch\/wp-content\/uploads\/2025\/06\/Objektmobiliar-Sitzgruppe-im-Pflanzenzimmer.jpg\",\r\n                \"caption\": \"\",\r\n                \"type\": \"image\"\r\n              }],\r\n              \"group\": \"\"\r\n            }\r\n          <\/script>\r\n      <\/a>\r\n      <a href=\"#\" class=\"imggallery-link w-inline-block w-lightbox\">\r\n        <img decoding=\"async\" src=\"https:\/\/objektmobiliar.ch\/wp-content\/uploads\/2025\/06\/Objektmobiliar-Tisch-und-Stuehle-im-Pflanzenzimmer.jpg\" loading=\"lazy\" alt=\"\" class=\"imggallery-img\">\r\n        <script type=\"application\/json\" class=\"w-json\">\r\n            {\r\n              \"items\": [{\r\n\r\n                \"url\": \"https:\/\/objektmobiliar.ch\/wp-content\/uploads\/2025\/06\/Objektmobiliar-Tisch-und-Stuehle-im-Pflanzenzimmer.jpg\",\r\n                \"caption\": \"\",\r\n                \"type\": \"image\"\r\n              }],\r\n              \"group\": \"\"\r\n            }\r\n          <\/script>\r\n      <\/a>\r\n      <a href=\"#\" class=\"imggallery-link w-inline-block w-lightbox\">\r\n        <img decoding=\"async\" src=\"https:\/\/objektmobiliar.ch\/wp-content\/uploads\/2025\/06\/Objektmobiliar-mit-floralem-Muster-auf-Microfaserbezug.jpg\" loading=\"lazy\" alt=\"\" class=\"imggallery-img\">\r\n        <script type=\"application\/json\" class=\"w-json\">\r\n            {\r\n              \"items\": [{\r\n\r\n                \"url\": \"https:\/\/objektmobiliar.ch\/wp-content\/uploads\/2025\/06\/Objektmobiliar-mit-floralem-Muster-auf-Microfaserbezug.jpg\",\r\n                \"caption\": \"\",\r\n                \"type\": \"image\"\r\n              }],\r\n              \"group\": \"\"\r\n            }\r\n          <\/script>\r\n      <\/a>\r\n      <a href=\"#\" class=\"imggallery-link w-inline-block w-lightbox\">\r\n        <img decoding=\"async\" src=\"https:\/\/objektmobiliar.ch\/wp-content\/uploads\/2025\/06\/Objektmobiliar-Sofa-mit-Holzarmlehne-Pflanzenzimmer.jpg\" loading=\"lazy\" alt=\"\" class=\"imggallery-img\">\r\n        <script type=\"application\/json\" class=\"w-json\">\r\n            {\r\n              \"items\": [{\r\n\r\n                \"url\": \"https:\/\/objektmobiliar.ch\/wp-content\/uploads\/2025\/06\/Objektmobiliar-Sofa-mit-Holzarmlehne-Pflanzenzimmer.jpg\",\r\n                \"caption\": \"\",\r\n                \"type\": \"image\"\r\n              }],\r\n              \"group\": \"\"\r\n            }\r\n          <\/script>\r\n      <\/a>\r\n      <a href=\"#\" class=\"imggallery-link w-inline-block w-lightbox\">\r\n        <img decoding=\"async\" src=\"https:\/\/objektmobiliar.ch\/wp-content\/uploads\/2025\/06\/Objektmobiliar-gemustertes-Sofa-im-Pflanzenzimmer.jpg\" loading=\"lazy\" alt=\"\" class=\"imggallery-img\">\r\n        <script type=\"application\/json\" class=\"w-json\">\r\n            {\r\n              \"items\": [{\r\n\r\n                \"url\": \"https:\/\/objektmobiliar.ch\/wp-content\/uploads\/2025\/06\/Objektmobiliar-gemustertes-Sofa-im-Pflanzenzimmer.jpg\",\r\n                \"caption\": \"\",\r\n                \"type\": \"image\"\r\n              }],\r\n              \"group\": \"\"\r\n            }\r\n          <\/script>\r\n      <\/a>\r\n      <a href=\"#\" class=\"imggallery-link w-inline-block w-lightbox\">\r\n        <img decoding=\"async\" src=\"https:\/\/objektmobiliar.ch\/wp-content\/uploads\/2025\/06\/Objektmobiliar-gemusterte-Couch-im-Pflanzenzimmer.jpg\" loading=\"lazy\" alt=\"\" class=\"imggallery-img\">\r\n        <script type=\"application\/json\" class=\"w-json\">\r\n            {\r\n              \"items\": [{\r\n\r\n                \"url\": \"https:\/\/objektmobiliar.ch\/wp-content\/uploads\/2025\/06\/Objektmobiliar-gemusterte-Couch-im-Pflanzenzimmer.jpg\",\r\n                \"caption\": \"\",\r\n                \"type\": \"image\"\r\n              }],\r\n              \"group\": \"\"\r\n            }\r\n          <\/script>\r\n      <\/a>\r\n      <a href=\"#\" class=\"imggallery-link w-inline-block w-lightbox\">\r\n        <img decoding=\"async\" src=\"https:\/\/objektmobiliar.ch\/wp-content\/uploads\/2025\/06\/Objektmobiliar-Sitzecke-im-Pflanzenzimmer.jpg\" loading=\"lazy\" alt=\"\" class=\"imggallery-img\">\r\n        <script type=\"application\/json\" class=\"w-json\">\r\n            {\r\n              \"items\": [{\r\n\r\n                \"url\": \"https:\/\/objektmobiliar.ch\/wp-content\/uploads\/2025\/06\/Objektmobiliar-Sitzecke-im-Pflanzenzimmer.jpg\",\r\n                \"caption\": \"\",\r\n                \"type\": \"image\"\r\n              }],\r\n              \"group\": \"\"\r\n            }\r\n          <\/script>\r\n      <\/a>\r\n    <\/div>\r\n    \r\n  <\/div>\r\n<\/section><\/div>\n\n<div class=\"lazyblock-text-modul-ozg-Z2rpvLo wp-block-lazyblock-text-modul-ozg\"><section class=\"sct\">\r\n      <div class=\"cnt narrow\">\r\n        <div class=\"w-richtext\">\r\n            <h3 id=\"kontaktieren-sie-uns\" style=\"text-align: center;\">Kontaktieren Sie uns:<\/h3>\n<p style=\"text-align: center;\">Sie haben Interesse an unseren M\u00f6beln und Einrichtungskonzepten?<br \/>Kontaktieren Sie uns jederzeit \u00fcber das Formular auf dieser Seite, unter info@ozg.ch oder 044 576 02 10.<\/p>\r\n        <\/div>\r\n            <div class=\"center\"><a onclick=\"splite_loader();\" class=\"btn\" >Mehr erfahren<\/a><\/div>\r\n      <\/div>\r\n    <\/section><\/div>","protected":false},"excerpt":{"rendered":"","protected":false},"author":4,"featured_media":0,"parent":1035,"menu_order":0,"comment_status":"closed","ping_status":"closed","template":"","meta":{"advgb_blocks_editor_width":"","advgb_blocks_columns_visual_guide":"","footnotes":""},"class_list":["post-5371","page","type-page","status-publish","hentry"],"yoast_head":"<!-- This site is optimized with the Yoast SEO plugin v27.5 - https:\/\/yoast.com\/product\/yoast-seo-wordpress\/ -->\n<title>Objektmobiliar im Pflanzenzimmer - M\u00f6bel von OZG<\/title>\n<meta name=\"description\" content=\"Wohlf\u00fchloase im St. Johann Hergiswil mit floralen Tapeten, vielen Zimmerpflanzen und farblich passendem Objektmobiliar im Pflanzenzimmer.\" \/>\n<meta name=\"robots\" content=\"index, follow, max-snippet:-1, max-image-preview:large, max-video-preview:-1\" \/>\n<link rel=\"canonical\" href=\"https:\/\/objektmobiliar.ch\/fr\/references\/mobilier-dobjet-dans-la-chambre-des-plantes\/\" \/>\n<meta property=\"og:locale\" content=\"fr_FR\" \/>\n<meta property=\"og:type\" content=\"article\" \/>\n<meta property=\"og:title\" content=\"Objektmobiliar im Pflanzenzimmer - M\u00f6bel von OZG\" \/>\n<meta property=\"og:description\" content=\"Wohlf\u00fchloase im St. Johann Hergiswil mit floralen Tapeten, vielen Zimmerpflanzen und farblich passendem Objektmobiliar im Pflanzenzimmer.\" \/>\n<meta property=\"og:url\" content=\"https:\/\/objektmobiliar.ch\/fr\/references\/mobilier-dobjet-dans-la-chambre-des-plantes\/\" \/>\n<meta property=\"og:site_name\" content=\"OZG HEALTHCARE\" \/>\n<meta property=\"article:modified_time\" content=\"2025-06-12T12:08:00+00:00\" \/>\n<meta name=\"twitter:card\" content=\"summary_large_image\" \/>\n<meta name=\"twitter:label1\" content=\"Dur\u00e9e de lecture estim\u00e9e\" \/>\n\t<meta name=\"twitter:data1\" content=\"3 minutes\" \/>\n<script type=\"application\/ld+json\" class=\"yoast-schema-graph\">{\"@context\":\"https:\\\/\\\/schema.org\",\"@graph\":[{\"@type\":\"WebPage\",\"@id\":\"https:\\\/\\\/objektmobiliar.ch\\\/referenzen\\\/objektmobiliar-im-pflanzenzimmer\\\/\",\"url\":\"https:\\\/\\\/objektmobiliar.ch\\\/referenzen\\\/objektmobiliar-im-pflanzenzimmer\\\/\",\"name\":\"Objektmobiliar im Pflanzenzimmer - M\u00f6bel von OZG\",\"isPartOf\":{\"@id\":\"https:\\\/\\\/objektmobiliar.ch\\\/#website\"},\"datePublished\":\"2025-06-12T12:06:01+00:00\",\"dateModified\":\"2025-06-12T12:08:00+00:00\",\"description\":\"Wohlf\u00fchloase im St. Johann Hergiswil mit floralen Tapeten, vielen Zimmerpflanzen und farblich passendem Objektmobiliar im Pflanzenzimmer.\",\"breadcrumb\":{\"@id\":\"https:\\\/\\\/objektmobiliar.ch\\\/referenzen\\\/objektmobiliar-im-pflanzenzimmer\\\/#breadcrumb\"},\"inLanguage\":\"fr-FR\",\"potentialAction\":[{\"@type\":\"ReadAction\",\"target\":[\"https:\\\/\\\/objektmobiliar.ch\\\/referenzen\\\/objektmobiliar-im-pflanzenzimmer\\\/\"]}]},{\"@type\":\"BreadcrumbList\",\"@id\":\"https:\\\/\\\/objektmobiliar.ch\\\/referenzen\\\/objektmobiliar-im-pflanzenzimmer\\\/#breadcrumb\",\"itemListElement\":[{\"@type\":\"ListItem\",\"position\":1,\"name\":\"Startseite\",\"item\":\"https:\\\/\\\/objektmobiliar.ch\\\/\"},{\"@type\":\"ListItem\",\"position\":2,\"name\":\"Referenzen\",\"item\":\"https:\\\/\\\/objektmobiliar.ch\\\/referenzen\\\/\"},{\"@type\":\"ListItem\",\"position\":3,\"name\":\"St. Johann Hergiswil\"}]},{\"@type\":\"WebSite\",\"@id\":\"https:\\\/\\\/objektmobiliar.ch\\\/#website\",\"url\":\"https:\\\/\\\/objektmobiliar.ch\\\/\",\"name\":\"OZG HEALTHCARE\",\"description\":\"Objektmobiliar f\u00fcr Pflege, B\u00fcro, Praxis &amp; Hotellerie\",\"potentialAction\":[{\"@type\":\"SearchAction\",\"target\":{\"@type\":\"EntryPoint\",\"urlTemplate\":\"https:\\\/\\\/objektmobiliar.ch\\\/?s={search_term_string}\"},\"query-input\":{\"@type\":\"PropertyValueSpecification\",\"valueRequired\":true,\"valueName\":\"search_term_string\"}}],\"inLanguage\":\"fr-FR\"}]}<\/script>\n<!-- \/ Yoast SEO plugin. -->","yoast_head_json":{"title":"Mobilier d'objet dans la chambre des plantes - Mobilier de OZG","description":"Oasis de bien-\u00eatre \u00e0 St. Johann Hergiswil avec des papiers peints floraux, de nombreuses plantes d'int\u00e9rieur et du mobilier d'objet aux couleurs assorties dans la chambre des plantes.","robots":{"index":"index","follow":"follow","max-snippet":"max-snippet:-1","max-image-preview":"max-image-preview:large","max-video-preview":"max-video-preview:-1"},"canonical":"https:\/\/objektmobiliar.ch\/fr\/references\/mobilier-dobjet-dans-la-chambre-des-plantes\/","og_locale":"fr_FR","og_type":"article","og_title":"Objektmobiliar im Pflanzenzimmer - M\u00f6bel von OZG","og_description":"Wohlf\u00fchloase im St. Johann Hergiswil mit floralen Tapeten, vielen Zimmerpflanzen und farblich passendem Objektmobiliar im Pflanzenzimmer.","og_url":"https:\/\/objektmobiliar.ch\/fr\/references\/mobilier-dobjet-dans-la-chambre-des-plantes\/","og_site_name":"OZG HEALTHCARE","article_modified_time":"2025-06-12T12:08:00+00:00","twitter_card":"summary_large_image","twitter_misc":{"Dur\u00e9e de lecture estim\u00e9e":"3 minutes"},"schema":{"@context":"https:\/\/schema.org","@graph":[{"@type":"WebPage","@id":"https:\/\/objektmobiliar.ch\/referenzen\/objektmobiliar-im-pflanzenzimmer\/","url":"https:\/\/objektmobiliar.ch\/referenzen\/objektmobiliar-im-pflanzenzimmer\/","name":"Mobilier d'objet dans la chambre des plantes - Mobilier de OZG","isPartOf":{"@id":"https:\/\/objektmobiliar.ch\/#website"},"datePublished":"2025-06-12T12:06:01+00:00","dateModified":"2025-06-12T12:08:00+00:00","description":"Oasis de bien-\u00eatre \u00e0 St. Johann Hergiswil avec des papiers peints floraux, de nombreuses plantes d'int\u00e9rieur et du mobilier d'objet aux couleurs assorties dans la chambre des plantes.","breadcrumb":{"@id":"https:\/\/objektmobiliar.ch\/referenzen\/objektmobiliar-im-pflanzenzimmer\/#breadcrumb"},"inLanguage":"fr-FR","potentialAction":[{"@type":"ReadAction","target":["https:\/\/objektmobiliar.ch\/referenzen\/objektmobiliar-im-pflanzenzimmer\/"]}]},{"@type":"BreadcrumbList","@id":"https:\/\/objektmobiliar.ch\/referenzen\/objektmobiliar-im-pflanzenzimmer\/#breadcrumb","itemListElement":[{"@type":"ListItem","position":1,"name":"Startseite","item":"https:\/\/objektmobiliar.ch\/"},{"@type":"ListItem","position":2,"name":"Referenzen","item":"https:\/\/objektmobiliar.ch\/referenzen\/"},{"@type":"ListItem","position":3,"name":"St. Johann Hergiswil"}]},{"@type":"WebSite","@id":"https:\/\/objektmobiliar.ch\/#website","url":"https:\/\/objektmobiliar.ch\/","name":"OZG HEALTHCARE","description":"Mobilier de collectivit\u00e9 pour les soins, les bureaux, les cabinets m\u00e9dicaux et l'h\u00f4tellerie","potentialAction":[{"@type":"SearchAction","target":{"@type":"EntryPoint","urlTemplate":"https:\/\/objektmobiliar.ch\/?s={search_term_string}"},"query-input":{"@type":"PropertyValueSpecification","valueRequired":true,"valueName":"search_term_string"}}],"inLanguage":"fr-FR"}]}},"coauthors":[],"author_meta":{"author_link":"https:\/\/objektmobiliar.ch\/fr\/author\/isa-dahmen\/","display_name":"Isa Dahmen"},"relative_dates":{"created":"Publi\u00e9 11 mois il y a","modified":"Mis \u00e0 jour 11 mois il y a"},"absolute_dates":{"created":"Publi\u00e9 le juin 12, 2025","modified":"Mise \u00e0 jour le juin 12, 2025"},"absolute_dates_time":{"created":"Publi\u00e9 le juin 12, 2025 12:06 pm","modified":"Mise \u00e0 jour le juin 12, 2025 12:08 pm"},"featured_img_caption":"","featured_img":false,"series_order":"","_links":{"self":[{"href":"https:\/\/objektmobiliar.ch\/fr\/wp-json\/wp\/v2\/pages\/5371","targetHints":{"allow":["GET"]}}],"collection":[{"href":"https:\/\/objektmobiliar.ch\/fr\/wp-json\/wp\/v2\/pages"}],"about":[{"href":"https:\/\/objektmobiliar.ch\/fr\/wp-json\/wp\/v2\/types\/page"}],"author":[{"embeddable":true,"href":"https:\/\/objektmobiliar.ch\/fr\/wp-json\/wp\/v2\/users\/4"}],"replies":[{"embeddable":true,"href":"https:\/\/objektmobiliar.ch\/fr\/wp-json\/wp\/v2\/comments?post=5371"}],"version-history":[{"count":10,"href":"https:\/\/objektmobiliar.ch\/fr\/wp-json\/wp\/v2\/pages\/5371\/revisions"}],"predecessor-version":[{"id":5391,"href":"https:\/\/objektmobiliar.ch\/fr\/wp-json\/wp\/v2\/pages\/5371\/revisions\/5391"}],"up":[{"embeddable":true,"href":"https:\/\/objektmobiliar.ch\/fr\/wp-json\/wp\/v2\/pages\/1035"}],"wp:attachment":[{"href":"https:\/\/objektmobiliar.ch\/fr\/wp-json\/wp\/v2\/media?parent=5371"}],"curies":[{"name":"wp","href":"https:\/\/api.w.org\/{rel}","templated":true}]}}