{"id":179,"date":"2023-10-05T21:26:40","date_gmt":"2023-10-05T21:26:40","guid":{"rendered":"https:\/\/dev.objektmobiliar.ch\/?page_id=179"},"modified":"2026-03-06T08:49:16","modified_gmt":"2026-03-06T08:49:16","slug":"objektmobiliar-moebel-fuer-pflegeeinrichtungen-und-seniorenheime","status":"publish","type":"page","link":"https:\/\/objektmobiliar.ch\/fr\/","title":{"rendered":"Page d'accueil"},"content":{"rendered":"<div class=\"lazyblock-bildslider-fullsize-ozg-Zxjq00 wp-block-lazyblock-bildslider-fullsize-ozg\"><section class=\"sct nopadding\">\r\n      <div data-delay=\"9000\" data-animation=\"fade\" class=\"elmnt-homeslider w-slider\" data-autoplay=\"true\" data-easing=\"linear\" data-hide-arrows=\"false\" data-disable-swipe=\"true\" data-autoplay-limit=\"0\" data-nav-spacing=\"3\" data-duration=\"2000\" data-infinite=\"true\">\r\n        \r\n      <div class=\"visual-homeslider\" ><\/div>\r\n        \r\n       <div class=\"w-slider-mask\">\r\n          <div class=\"homeslider-slide w-slide\">\r\n            <div class=\"homeslider-img\"><img decoding=\"async\" src=\"https:\/\/objektmobiliar.ch\/wp-content\/uploads\/2026\/03\/Objektmobiliar-Einrichtung-Pflegeheime.jpg\" loading=\"eager\" alt=\"Objektmobiliar-Einrichtung-Pflegeheime\"><\/div>\r\n          <\/div>\r\n          <div class=\"homeslider-slide w-slide\">\r\n            <div class=\"homeslider-img\"><img decoding=\"async\" src=\"https:\/\/objektmobiliar.ch\/wp-content\/uploads\/2026\/03\/Objektmobiliar-Einrichtung-Speisesaal.jpg\" loading=\"eager\" alt=\"\"><\/div>\r\n          <\/div>\r\n        <\/div>\r\n        <div class=\"hidden w-slider-arrow-left\">\r\n          <div class=\"w-icon-slider-left\"><\/div>\r\n        <\/div>\r\n        <div class=\"hidden w-slider-arrow-right\">\r\n          <div class=\"w-icon-slider-right\"><\/div>\r\n        <\/div>\r\n        <div class=\"hidden w-slider-nav\"><\/div>\r\n      <\/div>\r\n    <\/section><\/div>\n\n<div class=\"lazyblock-text-modul-ozg-Zbntim wp-block-lazyblock-text-modul-ozg\"><section class=\"sct\">\r\n      <div class=\"cnt semi\">\r\n        <div class=\"w-richtext\">\r\n            <h1 style=\"text-align: center;\">Votre sp\u00e9cialiste pour <br \/>Concepts d'am\u00e9nagement et mobilier de collectivit\u00e9<\/h1>\n<p style=\"text-align: center;\">Nous sommes votre partenaire solide lorsqu'il s'agit d'am\u00e9nager des maisons de soins, des centres pour personnes \u00e2g\u00e9es et des r\u00e9sidences pour seniors. De l'id\u00e9e initiale \u00e0 la r\u00e9alisation et \u00e0 l'\u00e9quipement, en passant par l'\u00e9laboration du concept d'am\u00e9nagement, notre \u00e9quipe d'experts vous accompagne gr\u00e2ce \u00e0 ses connaissances approfondies et \u00e0 sa grande exp\u00e9rience pratique. Nous gardons toujours \u00e0 l'esprit vos souhaits, mais nous nous concentrons \u00e9galement sur les besoins sp\u00e9cifiques de vos r\u00e9sidents. Pour un am\u00e9nagement int\u00e9rieur et un \u00e9quipement adapt\u00e9s \u00e0 l'\u00e2ge et aux soins.<\/p>\r\n        <\/div>\r\n            <div class=\"center\"><a onclick=\"splite_loader();\" class=\"btn\" >Demandez conseil<\/a><\/div>\r\n      <\/div>\r\n    <\/section><\/div>\n\n<div class=\"lazyblock-text-bild-modul-ozg-Ztn6sH wp-block-lazyblock-text-bild-modul-ozg\"><section class=\"sct\">\r\n      <div class=\"cnt semi\">\r\n        <div class=\"w-richtext\">\r\n              \r\n        <\/div>\r\n        <div class=\"elmnt-txtimg alt\" >\r\n          <div class=\"txtimg-txt\">\r\n            <div class=\"w-richtext\">\r\n              <h2>Mobiliar speziell f\u00fcr Pflege- &amp; Gesundheitseinrichtungen<\/h2>\n<p>Ob Polsterm\u00f6bel, St\u00fchle, Tische, Pflegebetten oder Schrankm\u00f6bel &#8211; unser Mobiliar wird ganz gezielt f\u00fcr die Bed\u00fcrfnisse in Ihrer Einrichtung hergestellt. Es erf\u00fcllt damit die Anspr\u00fcche Ihrer Bewohnerinnen und Bewohner, erleichtert aber durch smarte Konstruktion auch den Pflegealltag f\u00fcr Ihr Personal. Funktional, langlebig und zugleich \u00e4sthetisch &#8211; mit uns finden Sie alltagstaugliche L\u00f6sungen in hochwertigem Design f\u00fcr Ihr Objekt in der Pflege- bzw. Gesundheitsbranche.<\/p>\r\n            <\/div>\r\n            \r\n              <div><a href=\"https:\/\/objektmobiliar.ch\/fr\/meubles\/\" class=\"btn\" >Zum M\u00f6belsortiment<\/a><\/div>\r\n            \r\n          <\/div>\r\n          <div class=\"txtimg--img alt\">\r\n            <div class=\"txtimg--skew alt\">\r\n              <div class=\"txtimg--backskew alt\">\r\n                <div class=\"txtimg-bgimg\" style=\"background-image: url('https:\/\/objektmobiliar.ch\/wp-content\/uploads\/2026\/02\/00057_MS2_6368_kompr.jpg');\"><\/div>\r\n              <\/div>\r\n            <\/div>\r\n          <\/div>\r\n        <\/div>\r\n      <\/div>\r\n    <\/section><\/div>\n\n<div class=\"lazyblock-text-bild-modul-ozg-11sGar wp-block-lazyblock-text-bild-modul-ozg\"><section class=\"sct\">\r\n      <div class=\"cnt semi\">\r\n        <div class=\"w-richtext\">\r\n              \r\n        <\/div>\r\n        <div class=\"elmnt-txtimg\" >\r\n          <div class=\"txtimg-txt\">\r\n            <div class=\"w-richtext\">\r\n              <h2>Durchdacht von A bis Z: Wir erstellen Ihr Einrichtungskonzept<\/h2>\n<p>In engem Dialog mit Ihnen und mit einem sensiblen Gesp\u00fcr f\u00fcr unterschiedliche Bed\u00fcrfnisse erstellen wir gerne f\u00fcr Sie ein passendes Einrichtungskonzept mit Fokus auf \u00c4sthetik, Gem\u00fctlichkeit, Funktionalit\u00e4t und Ergonomie. Farben, Materialen, Muster und Mobiliar bringen wir in harmonischen Einklang. Die besonderen Anforderungen an die Inneneinrichtung von R\u00e4umlichkeiten im Gesundheitswesen haben wir dabei stets im Blick.\u00a0<\/p>\r\n            <\/div>\r\n            \r\n              <div><a href=\"https:\/\/objektmobiliar.ch\/fr\/inspiration\/design-despace\/\" class=\"btn\" >En savoir plus<\/a><\/div>\r\n            \r\n          <\/div>\r\n          <div class=\"txtimg--img\">\r\n            <div class=\"txtimg--skew\">\r\n              <div class=\"txtimg--backskew\">\r\n                <div class=\"txtimg-bgimg\" style=\"background-image: url('https:\/\/objektmobiliar.ch\/wp-content\/uploads\/2025\/07\/OZG-Objektmobiliar-Partner-Einrichtungskonzepte.jpg');\"><\/div>\r\n              <\/div>\r\n            <\/div>\r\n          <\/div>\r\n        <\/div>\r\n      <\/div>\r\n    <\/section><\/div>\n\n<div class=\"lazyblock-spalten-modul-ozg-Z1fDc1g wp-block-lazyblock-spalten-modul-ozg\"><section class=\"sct\">\r\n      <div class=\"cnt narrow\">\r\n        <div class=\"w-richtext\">\r\n          \r\n        <\/div>\r\n        <div class=\"box-pageteaser\">\r\n          <div class=\"elmnt-column\"><p><img loading=\"lazy\" decoding=\"async\" class=\"alignnone size-full wp-image-5877\" src=\"https:\/\/objektmobiliar.ch\/wp-content\/uploads\/2026\/02\/farbkreis-konzept.jpg\" alt=\"\" width=\"1240\" height=\"1300\" srcset=\"https:\/\/objektmobiliar.ch\/wp-content\/uploads\/2026\/02\/farbkreis-konzept.jpg 1240w, https:\/\/objektmobiliar.ch\/wp-content\/uploads\/2026\/02\/farbkreis-konzept-763x800.jpg 763w, https:\/\/objektmobiliar.ch\/wp-content\/uploads\/2026\/02\/farbkreis-konzept-768x805.jpg 768w, https:\/\/objektmobiliar.ch\/wp-content\/uploads\/2026\/02\/farbkreis-konzept-11x12.jpg 11w\" sizes=\"auto, (max-width: 1240px) 100vw, 1240px\" \/><\/p><\/div>\r\n          <div class=\"elmnt-column\"><h3>Farb- &amp; Einrichtungskonzept gewinnen<\/h3>\n<p>Wir verlosen drei Farb- &amp; Einrichtungskonzepte f\u00fcr Pflegeeinrichtungen im Gesamtwert von CHF 10\u2018000. Nehmen Sie jetzt teil und gewinnen Sie eines der drei Konzepte. Das Gewinnspiel l\u00e4uft vom 01.03.2026 bis einschliesslich 30.04.2026. Allen teilnehmenden Einrichtungen w\u00fcnschen wir viel Gl\u00fcck!<\/p><\/div>\r\n        <\/div>\r\n            <div class=\"center\"><a href=\"https:\/\/objektmobiliar.ch\/fr\/gewinnspiel2026\/\"  class=\"btn\">Jetzt teilnehmen<\/a><\/div>\r\n      <\/div>\r\n    <\/section><\/div>\n\n<div class=\"lazyblock-produkt-slider-ozg-2tItbl wp-block-lazyblock-produkt-slider-ozg\"><section class=\"sct\">\r\n  <div class=\"cnt semi\">\r\n    <div class=\"intro-txt\">\r\n        <h2>Unsere aktuellen Objektmobiliar Referenzen<\/h2>\r\n    <\/div>\r\n    \r\n    <div class=\"elmnt-similar-products\">\r\n      <div class=\"similar-product\"><img decoding=\"async\" src=\"https:\/\/objektmobiliar.ch\/wp-content\/uploads\/2026\/02\/Objektmobiliar-Referenz-Pflegewohngruppe-Grueneck-scaled.jpg\" loading=\"eager\" alt=\"Objektmobiliar-Referenz-Pflegewohngruppe-Gr\u00fcneck\" class=\"similar-product-img\">\r\n        <div class=\"center\">\r\n          <div class=\"w-richtext\">\r\n            <p>Pflegewohnung Gr\u00fcneck im Dorf<\/p>\r\n          <\/div>\r\n          <a href=\"https:\/\/objektmobiliar.ch\/fr\/references\/ausstattung-pflegewohngruppe-grueneck\/\" class=\"btn similarproducts\">Mehr \u00fcber das Projekt<\/a>\r\n        <\/div>\r\n      <\/div>\r\n      <div class=\"similar-product\"><img decoding=\"async\" src=\"https:\/\/objektmobiliar.ch\/wp-content\/uploads\/2025\/09\/Sitzbereich-Moebel-Pflegeeinrichtung-Solino.jpg\" loading=\"eager\" alt=\"\" class=\"similar-product-img\">\r\n        <div class=\"center\">\r\n          <div class=\"w-richtext\">\r\n            <p>Speisesaal Solino Boswil<\/p>\r\n          <\/div>\r\n          <a href=\"https:\/\/objektmobiliar.ch\/fr\/references\/nouveau-mobilier-de-salle-a-manger\/\" class=\"btn similarproducts\">Mehr \u00fcber das Projekt<\/a>\r\n        <\/div>\r\n      <\/div>\r\n      <div class=\"similar-product\"><img decoding=\"async\" src=\"https:\/\/objektmobiliar.ch\/wp-content\/uploads\/2025\/06\/Objektmobiliar-Referenz-St.-Johann-Hergiswil.jpg\" loading=\"eager\" alt=\"\" class=\"similar-product-img\">\r\n        <div class=\"center\">\r\n          <div class=\"w-richtext\">\r\n            <p>Pflanzenzimmer St. Johann Hergiswil<\/p>\r\n          <\/div>\r\n          <a href=\"https:\/\/objektmobiliar.ch\/fr\/references\/mobilier-dobjet-dans-la-chambre-des-plantes\/\" class=\"btn similarproducts\">Mehr \u00fcber das Projekt<\/a>\r\n        <\/div>\r\n      <\/div>\r\n      <div class=\"similar-product\"><img decoding=\"async\" src=\"https:\/\/objektmobiliar.ch\/wp-content\/uploads\/2025\/06\/Objektmoebel-Foyer-Viva-Luzern-Eichhof-2.jpg\" loading=\"eager\" alt=\"\" class=\"similar-product-img\">\r\n        <div class=\"center\">\r\n          <div class=\"w-richtext\">\r\n            <p>Viva Luzern Eichhof<\/p>\r\n          <\/div>\r\n          <a href=\"https:\/\/objektmobiliar.ch\/fr\/references\/reference-viva-luzern-eichhof\/\" class=\"btn similarproducts\">Mehr \u00fcber das Projekt<\/a>\r\n        <\/div>\r\n      <\/div>\r\n      <div class=\"similar-product\"><img decoding=\"async\" src=\"https:\/\/objektmobiliar.ch\/wp-content\/uploads\/2025\/02\/OZG-Objektmobiliar-Esszimmer-Stuehle.jpg\" loading=\"eager\" alt=\"\" class=\"similar-product-img\">\r\n        <div class=\"center\">\r\n          <div class=\"w-richtext\">\r\n            <p>Einrichtung Zentrum Aettenb\u00fchl, <\/p>\r\n          <\/div>\r\n          <a href=\"https:\/\/objektmobiliar.ch\/fr\/references\/reference-centre-aettenbuehl\/\" class=\"btn similarproducts\">Mehr \u00fcber das Projekt<\/a>\r\n        <\/div>\r\n      <\/div>\r\n    <\/div>\r\n  <\/div>\r\n  \r\n  <div class=\"cnt narrow\">\r\n    <div class=\"similar-products-nav-pos\">\r\n      <div class=\"w-embed\">\r\n        \r\n      <\/div>\r\n    <\/div>\r\n  <\/div>\r\n<\/section><\/div>\n\n<div class=\"lazyblock-text-modul-ozg-2fuUSj wp-block-lazyblock-text-modul-ozg\"><section class=\"sct\">\r\n      <div class=\"cnt semi\">\r\n        <div class=\"w-richtext\">\r\n            \r\n        <\/div>\r\n            <div class=\"center\"><a href=\"https:\/\/objektmobiliar.ch\/fr\/references\/\" class=\"btn\" >Weitere Referenzen ansehen<\/a><\/div>\r\n      <\/div>\r\n    <\/section><\/div>\n\n<div class=\"lazyblock-teaser-modul-ozg-2eQbaK wp-block-lazyblock-teaser-modul-ozg\"><section class=\"sct\">\r\n  <div class=\"cnt semi\">\r\n    <div class=\"w-richtext\">\r\n        <h2>M\u00f6bel f\u00fcr moderne Arbeitspl\u00e4tze in Pflegeeinrichtungen<\/h2>\r\n    <\/div>\r\n    <div class=\"box-pageteaser\">\r\n      \r\n      <a href=\"https:\/\/objektmobiliar.ch\/fr\/vestiaires-et-vestiaires\/\" class=\"elmnt-pageteaser link w-inline-block\" style=\"background-color: \">\r\n        <div class=\"pageteaser-imgcnt\"><img decoding=\"async\" src=\"https:\/\/objektmobiliar.ch\/wp-content\/uploads\/2026\/02\/00005_MS1_6470_kompr.jpg\" loading=\"lazy\" alt=\"\" class=\"pageteaser-img\"><\/div>\r\n        <div class=\"pageteaser-type\">\r\n          <div class=\"txt-pageteaser w-richtext\">\r\n            <h2>Mobiliar f\u00fcr Garderobe &amp; Umkleide<\/h2>\n<div class=\"w-richtext\">\n<p>Umkleider\u00e4ume sind nicht nur ein Mittel zum Zweck. Um zu gew\u00e4hrleisten, dass sich Ihre Mitarbeitenden rundum wohlf\u00fchlen und ihre privaten Gegenst\u00e4nde sicher aufbewahrt wissen, bieten wir Ihnen eine umfangreiche Auswahl praxistauglicher M\u00f6bel f\u00fcr Garderoben und Umkleiden.<\/p>\n<\/div>\r\n          <\/div>\r\n        <\/div>\r\n        <div class=\"btn pageteaser\">M\u00f6bel entdecken<\/div><\/a>\r\n      <a href=\"https:\/\/objektmobiliar.ch\/fr\/inspiration\/facile-a-entretenir-et-a-soigner\/\" class=\"elmnt-pageteaser link w-inline-block\" style=\"background-color: \">\r\n        <div class=\"pageteaser-imgcnt\"><img decoding=\"async\" src=\"https:\/\/objektmobiliar.ch\/wp-content\/uploads\/2025\/11\/Personalraeume-Bueroraeume-einrichten-mit-OZG.jpg\" loading=\"lazy\" alt=\"Am\u00e9nager-des-bureaux-du-personnel-avec-OZG\" class=\"pageteaser-img\"><\/div>\r\n        <div class=\"pageteaser-type\">\r\n          <div class=\"txt-pageteaser w-richtext\">\r\n            <h2>Einrichtung von B\u00fcro- &amp; Pausenr\u00e4umen<\/h2>\n<p>Ob f\u00fcr B\u00fcros, Meetingr\u00e4ume oder Pause- und Aufenthaltsbereiche:\u00a0In unserem Sortiment finden Sie eine breite Vielfalt an M\u00f6beln f\u00fcr den modernen Arbeitsplatz, abgestimmt auf die Bed\u00fcrfnisse Ihrer Mitarbeitenden.<\/p>\r\n          <\/div>\r\n        <\/div>\r\n        <div class=\"btn pageteaser\">M\u00f6bel entdecken<\/div><\/a>\r\n      \r\n    <\/div>\r\n    <div class=\"center\">\r\n    <\/div>\r\n  <\/div>\r\n<\/section><\/div>\n\n<div class=\"lazyblock-text-bild-modul-ozg-Z1KOPd2 wp-block-lazyblock-text-bild-modul-ozg\"><section class=\"sct\">\r\n      <div class=\"cnt narrow\">\r\n        <div class=\"w-richtext\">\r\n              \r\n        <\/div>\r\n        <div class=\"elmnt-txtimg\" >\r\n          <div class=\"txtimg-txt\">\r\n            <div class=\"w-richtext\">\r\n              <h2>Durable :<\/h2>\n<h3>Tant dans l'extraction des mati\u00e8res premi\u00e8res que dans la production<\/h3>\n<p>Nous reconnaissons qu'il est de notre devoir d'\u00e9quilibrer l'excellence du design et du service avec des pratiques environnementales responsables. C'est pourquoi nous respectons et soutenons l'extraction et le traitement durables des mati\u00e8res premi\u00e8res.<\/p>\r\n            <\/div>\r\n            \r\n              <div><a href=\"https:\/\/objektmobiliar.ch\/fr\/a-propos-de-nous\/durable-et-social\/\" class=\"btn\" >En savoir plus<\/a><\/div>\r\n            \r\n          <\/div>\r\n          <div class=\"txtimg--img\">\r\n            <div class=\"txtimg--skew\">\r\n              <div class=\"txtimg--backskew\">\r\n                <div class=\"txtimg-bgimg\" style=\"background-image: url('https:\/\/objektmobiliar.ch\/wp-content\/uploads\/2023\/10\/nachhaltigkeit.jpg');\"><\/div>\r\n              <\/div>\r\n            <\/div>\r\n          <\/div>\r\n        <\/div>\r\n      <\/div>\r\n    <\/section><\/div>\n\n<div class=\"lazyblock-kundenstimmen-slider-ozg-16ivzc wp-block-lazyblock-kundenstimmen-slider-ozg\"><section class=\"sct\">\r\n  <div class=\"cnt narrow\">\r\n    <div class=\"w-richtext\">\r\n        \r\n    <\/div>\r\n     <div class=\"elmnt-quoteslider\">\r\n      <div class=\"quoteslider-slide\">\r\n        <div class=\"txt-quote w-richtext\">\r\n          <p>J'aimerais mentionner ici que nous recevons beaucoup de r\u00e9actions positives concernant la couleur et l'am\u00e9nagement. Les gens se sentent tout de suite \u00e0 l'aise. Bon travail !<\/p>\r\n        <\/div>\r\n        <div class=\"quoteslider-author\">\r\n          <div class=\"txt-quoteauthor w-richtext\">\r\n            <p><p><strong>SANDRA DABROWSKI<\/strong><br>Responsable de la communication et des projets, r\u00e9sidence m\u00e9dicalis\u00e9e Winkel<\/p><\/p>\r\n          <\/div>\r\n        <\/div>\r\n      <\/div>\r\n      <div class=\"quoteslider-slide\">\r\n        <div class=\"txt-quote w-richtext\">\r\n          <p>Nous avons \u00e9t\u00e9 conseill\u00e9s de mani\u00e8re professionnelle et tr\u00e8s aimable et nos souhaits et id\u00e9es ont \u00e9t\u00e9 r\u00e9alis\u00e9s \u00e0 100%. Les nouveaux si\u00e8ges invitent les clients \u00e0 s'attarder et \u00e0 profiter, et les couleurs cr\u00e9ent une oasis de joie de vivre.<\/p>\r\n        <\/div>\r\n        <div class=\"quoteslider-author\">\r\n          <div class=\"txt-quoteauthor w-richtext\">\r\n            <p><p><strong>CLAUDIA ZWIMPFER<\/strong><br>Responsable d'exploitation LINDENPARK Habitat pour personnes \u00e2g\u00e9es<\/p><\/p>\r\n          <\/div>\r\n        <\/div>\r\n      <\/div>\r\n      <div class=\"quoteslider-slide\">\r\n        <div class=\"txt-quote w-richtext\">\r\n          <p>\"Nous sommes enti\u00e8rement satisfaits et presque chaque nouveau visiteur nous parle de notre \u00e9tablissement. Le retour est syst\u00e9matiquement positif\".<\/p>\r\n        <\/div>\r\n        <div class=\"quoteslider-author\">\r\n          <div class=\"txt-quoteauthor w-richtext\">\r\n            <p><p><strong>MADAME HANSEN<\/strong><br>Responsable des appartements SAWIA Fondation pour l'habitat des personnes \u00e2g\u00e9es \u00e0 Albisrieden<\/p><\/p>\r\n          <\/div>\r\n        <\/div>\r\n      <\/div>\r\n    <\/div>\r\n  <\/div>\r\n<\/section><\/div>\n\n<div class=\"lazyblock-text-bild-modul-ozg-ZOtxJy wp-block-lazyblock-text-bild-modul-ozg\"><section class=\"sct\">\r\n      <div class=\"cnt semi\">\r\n        <div class=\"w-richtext\">\r\n              \r\n        <\/div>\r\n        <div class=\"elmnt-txtimg alt color\" style=\"background-color: ;\">\r\n          <div class=\"txtimg-txt\">\r\n            <div class=\"w-richtext\">\r\n              <h2>Haben Sie Fragen? W\u00fcnschen Sie eine Beratung?<\/h2>\n<p>Sie haben Fragen, w\u00fcnschen eine Offerte oder einen Termin f\u00fcr eine Beratung? Kontaktieren Sie uns jederzeit. Wir sind gerne f\u00fcr Sie da unter <a href=\"mailto:info@ozg.ch\">info@ozg.ch<\/a> oder <a href=\"tel:0445760210\">044 576 02 10<\/a>.<\/p>\r\n            <\/div>\r\n            \r\n              <div><a onclick=\"splite_loader();\" class=\"btn\" >Kontakt aufnehmen<\/a><\/div>\r\n            \r\n          <\/div>\r\n          <div class=\"txtimg--img alt color\">\r\n            <div class=\"txtimg--skew alt\">\r\n              <div class=\"txtimg--backskew alt\">\r\n                <div class=\"txtimg-bgimg\" style=\"background-image: url('https:\/\/objektmobiliar.ch\/wp-content\/uploads\/2023\/10\/individuelle-konzepte.jpg');\"><\/div>\r\n              <\/div>\r\n            <\/div>\r\n          <\/div>\r\n        <\/div>\r\n      <\/div>\r\n    <\/section><\/div><style class=\"advgb-styles-renderer\">\r\n            .similar-products-nav li {\r\n              overflow: hidden;\r\n              margin: 0px !important;\r\n              flex-grow: 0 !important;\r\n              flex-shrink: 1 !important;\r\n              flex-basis: 12.5% !important;\r\n              border-style: solid;\r\n              border-width: 2px;\r\n              border-color: transparent;\r\n              border-radius: 8px;\r\n              transition-property: border-color;\r\n              transition-duration: 600ms;\r\n              transition-timing-function: ease;\r\n              cursor: pointer;\r\n            }\r\n            .similar-products-nav li.slick-active {\r\n              border-color: #dde7ef;\r\n            }\r\n            @media screen and (max-width:767px) {\r\n              .similar-products-nav li {\r\n                flex-basis: auto !important;\r\n                border-radius: 8px;\r\n                padding-top: 8px;\r\n                padding-right: 16px;\r\n                padding-bottom: 6px;\r\n                padding-left: 16px;\r\n              }\r\n              .similar-products-nav li.slick-active {\r\n                background-color: #dde7ef;\r\n                transition-property: background-color, border-color;\r\n                transition-duration: 600ms, 200ms;\r\n                transition-timing-function: ease, ease;\r\n                color: #426b8a;\r\n              }\r\n            }\r\n          <\/style>","protected":false},"excerpt":{"rendered":"<p>Wir sind Ihr starker Partner, wenn es um die Einrichtung von Pflegeheimen, Alterszentren und Seniorenresidenzen geht. Von der ersten Idee \u00fcber die Erstellung des Einrichtungskonzepts bis zur Realisierung und Ausstattung \u2013 unser Expertenteam begleitet Sie mit fundiertem Fachwissen und grosser praktischer Erfahrung.<\/p>","protected":false},"author":2,"featured_media":1347,"parent":0,"menu_order":0,"comment_status":"closed","ping_status":"closed","template":"","meta":{"advgb_blocks_editor_width":"","advgb_blocks_columns_visual_guide":"","footnotes":""},"class_list":["post-179","page","type-page","status-publish","has-post-thumbnail","hentry"],"yoast_head":"<!-- This site is optimized with the Yoast SEO plugin v27.5 - https:\/\/yoast.com\/product\/yoast-seo-wordpress\/ -->\n<title>Objektmobiliar - M\u00f6bel f\u00fcr Pflegeeinrichtungen und Seniorenheime<\/title>\n<meta name=\"description\" content=\"Hochwertige, pflegegerechte M\u00f6bel f\u00fcr Pflegeeinrichtungen und Seniorenheime, die sie ganz an Ihre W\u00fcnsche und Bed\u00fcrfnisse anpassen k\u00f6nnen.\" \/>\n<meta name=\"robots\" content=\"index, follow, max-snippet:-1, max-image-preview:large, max-video-preview:-1\" \/>\n<link rel=\"canonical\" href=\"https:\/\/objektmobiliar.ch\/fr\/\" \/>\n<meta property=\"og:locale\" content=\"fr_FR\" \/>\n<meta property=\"og:type\" content=\"article\" \/>\n<meta property=\"og:title\" content=\"Objektmobiliar - M\u00f6bel f\u00fcr Pflegeeinrichtungen und Seniorenheime\" \/>\n<meta property=\"og:description\" content=\"Hochwertige, pflegegerechte M\u00f6bel f\u00fcr Pflegeeinrichtungen und Seniorenheime, die sie ganz an Ihre W\u00fcnsche und Bed\u00fcrfnisse anpassen k\u00f6nnen.\" \/>\n<meta property=\"og:url\" content=\"https:\/\/objektmobiliar.ch\/fr\/\" \/>\n<meta property=\"og:site_name\" content=\"OZG HEALTHCARE\" \/>\n<meta property=\"article:modified_time\" content=\"2026-03-06T08:49:16+00:00\" \/>\n<meta property=\"og:image\" content=\"https:\/\/objektmobiliar.ch\/wp-content\/uploads\/2023\/10\/home-header-01.jpg\" \/>\n\t<meta property=\"og:image:width\" content=\"1920\" \/>\n\t<meta property=\"og:image:height\" content=\"690\" \/>\n\t<meta property=\"og:image:type\" content=\"image\/jpeg\" \/>\n<meta name=\"twitter:card\" content=\"summary_large_image\" \/>\n<meta name=\"twitter:label1\" content=\"Dur\u00e9e de lecture estim\u00e9e\" \/>\n\t<meta name=\"twitter:data1\" content=\"6 minutes\" \/>\n<script type=\"application\/ld+json\" class=\"yoast-schema-graph\">{\"@context\":\"https:\\\/\\\/schema.org\",\"@graph\":[{\"@type\":\"WebPage\",\"@id\":\"https:\\\/\\\/objektmobiliar.ch\\\/\",\"url\":\"https:\\\/\\\/objektmobiliar.ch\\\/\",\"name\":\"Objektmobiliar - M\u00f6bel f\u00fcr Pflegeeinrichtungen und Seniorenheime\",\"isPartOf\":{\"@id\":\"https:\\\/\\\/objektmobiliar.ch\\\/#website\"},\"primaryImageOfPage\":{\"@id\":\"https:\\\/\\\/objektmobiliar.ch\\\/#primaryimage\"},\"image\":{\"@id\":\"https:\\\/\\\/objektmobiliar.ch\\\/#primaryimage\"},\"thumbnailUrl\":\"https:\\\/\\\/objektmobiliar.ch\\\/wp-content\\\/uploads\\\/2023\\\/10\\\/home-header-01.jpg\",\"datePublished\":\"2023-10-05T21:26:40+00:00\",\"dateModified\":\"2026-03-06T08:49:16+00:00\",\"description\":\"Hochwertige, pflegegerechte M\u00f6bel f\u00fcr Pflegeeinrichtungen und Seniorenheime, die sie ganz an Ihre W\u00fcnsche und Bed\u00fcrfnisse anpassen k\u00f6nnen.\",\"breadcrumb\":{\"@id\":\"https:\\\/\\\/objektmobiliar.ch\\\/#breadcrumb\"},\"inLanguage\":\"fr-FR\",\"potentialAction\":[{\"@type\":\"ReadAction\",\"target\":[\"https:\\\/\\\/objektmobiliar.ch\\\/\"]}]},{\"@type\":\"ImageObject\",\"inLanguage\":\"fr-FR\",\"@id\":\"https:\\\/\\\/objektmobiliar.ch\\\/#primaryimage\",\"url\":\"https:\\\/\\\/objektmobiliar.ch\\\/wp-content\\\/uploads\\\/2023\\\/10\\\/home-header-01.jpg\",\"contentUrl\":\"https:\\\/\\\/objektmobiliar.ch\\\/wp-content\\\/uploads\\\/2023\\\/10\\\/home-header-01.jpg\",\"width\":1920,\"height\":690},{\"@type\":\"BreadcrumbList\",\"@id\":\"https:\\\/\\\/objektmobiliar.ch\\\/#breadcrumb\",\"itemListElement\":[{\"@type\":\"ListItem\",\"position\":1,\"name\":\"Startseite\",\"item\":\"https:\\\/\\\/objektmobiliar.ch\\\/\"},{\"@type\":\"ListItem\",\"position\":2,\"name\":\"Startseite\"}]},{\"@type\":\"WebSite\",\"@id\":\"https:\\\/\\\/objektmobiliar.ch\\\/#website\",\"url\":\"https:\\\/\\\/objektmobiliar.ch\\\/\",\"name\":\"OZG HEALTHCARE\",\"description\":\"Objektmobiliar f\u00fcr Pflege, B\u00fcro, Praxis &amp; Hotellerie\",\"potentialAction\":[{\"@type\":\"SearchAction\",\"target\":{\"@type\":\"EntryPoint\",\"urlTemplate\":\"https:\\\/\\\/objektmobiliar.ch\\\/?s={search_term_string}\"},\"query-input\":{\"@type\":\"PropertyValueSpecification\",\"valueRequired\":true,\"valueName\":\"search_term_string\"}}],\"inLanguage\":\"fr-FR\"}]}<\/script>\n<!-- \/ Yoast SEO plugin. -->","yoast_head_json":{"title":"Mobilier de collectivit\u00e9 - Mobilier pour les \u00e9tablissements de soins et les maisons de retraite","description":"Des meubles de qualit\u00e9 sup\u00e9rieure, adapt\u00e9s aux soins, pour les \u00e9tablissements de soins et les maisons de retraite, qu'ils peuvent adapter enti\u00e8rement \u00e0 vos souhaits et \u00e0 vos besoins.","robots":{"index":"index","follow":"follow","max-snippet":"max-snippet:-1","max-image-preview":"max-image-preview:large","max-video-preview":"max-video-preview:-1"},"canonical":"https:\/\/objektmobiliar.ch\/fr\/","og_locale":"fr_FR","og_type":"article","og_title":"Objektmobiliar - M\u00f6bel f\u00fcr Pflegeeinrichtungen und Seniorenheime","og_description":"Hochwertige, pflegegerechte M\u00f6bel f\u00fcr Pflegeeinrichtungen und Seniorenheime, die sie ganz an Ihre W\u00fcnsche und Bed\u00fcrfnisse anpassen k\u00f6nnen.","og_url":"https:\/\/objektmobiliar.ch\/fr\/","og_site_name":"OZG HEALTHCARE","article_modified_time":"2026-03-06T08:49:16+00:00","og_image":[{"width":1920,"height":690,"url":"https:\/\/objektmobiliar.ch\/wp-content\/uploads\/2023\/10\/home-header-01.jpg","type":"image\/jpeg"}],"twitter_card":"summary_large_image","twitter_misc":{"Dur\u00e9e de lecture estim\u00e9e":"6 minutes"},"schema":{"@context":"https:\/\/schema.org","@graph":[{"@type":"WebPage","@id":"https:\/\/objektmobiliar.ch\/","url":"https:\/\/objektmobiliar.ch\/","name":"Mobilier de collectivit\u00e9 - Mobilier pour les \u00e9tablissements de soins et les maisons de retraite","isPartOf":{"@id":"https:\/\/objektmobiliar.ch\/#website"},"primaryImageOfPage":{"@id":"https:\/\/objektmobiliar.ch\/#primaryimage"},"image":{"@id":"https:\/\/objektmobiliar.ch\/#primaryimage"},"thumbnailUrl":"https:\/\/objektmobiliar.ch\/wp-content\/uploads\/2023\/10\/home-header-01.jpg","datePublished":"2023-10-05T21:26:40+00:00","dateModified":"2026-03-06T08:49:16+00:00","description":"Des meubles de qualit\u00e9 sup\u00e9rieure, adapt\u00e9s aux soins, pour les \u00e9tablissements de soins et les maisons de retraite, qu'ils peuvent adapter enti\u00e8rement \u00e0 vos souhaits et \u00e0 vos besoins.","breadcrumb":{"@id":"https:\/\/objektmobiliar.ch\/#breadcrumb"},"inLanguage":"fr-FR","potentialAction":[{"@type":"ReadAction","target":["https:\/\/objektmobiliar.ch\/"]}]},{"@type":"ImageObject","inLanguage":"fr-FR","@id":"https:\/\/objektmobiliar.ch\/#primaryimage","url":"https:\/\/objektmobiliar.ch\/wp-content\/uploads\/2023\/10\/home-header-01.jpg","contentUrl":"https:\/\/objektmobiliar.ch\/wp-content\/uploads\/2023\/10\/home-header-01.jpg","width":1920,"height":690},{"@type":"BreadcrumbList","@id":"https:\/\/objektmobiliar.ch\/#breadcrumb","itemListElement":[{"@type":"ListItem","position":1,"name":"Startseite","item":"https:\/\/objektmobiliar.ch\/"},{"@type":"ListItem","position":2,"name":"Startseite"}]},{"@type":"WebSite","@id":"https:\/\/objektmobiliar.ch\/#website","url":"https:\/\/objektmobiliar.ch\/","name":"OZG HEALTHCARE","description":"Mobilier de collectivit\u00e9 pour les soins, les bureaux, les cabinets m\u00e9dicaux et l'h\u00f4tellerie","potentialAction":[{"@type":"SearchAction","target":{"@type":"EntryPoint","urlTemplate":"https:\/\/objektmobiliar.ch\/?s={search_term_string}"},"query-input":{"@type":"PropertyValueSpecification","valueRequired":true,"valueName":"search_term_string"}}],"inLanguage":"fr-FR"}]}},"coauthors":[],"author_meta":{"author_link":"https:\/\/objektmobiliar.ch\/fr\/author\/alex\/","display_name":"Alex"},"relative_dates":{"created":"Publi\u00e9 3 ans il y a","modified":"Mis \u00e0 jour 2 mois il y a"},"absolute_dates":{"created":"Publi\u00e9 le octobre 5, 2023","modified":"Mise \u00e0 jour le mars 6, 2026"},"absolute_dates_time":{"created":"Publi\u00e9 le octobre 5, 2023 9:26 pm","modified":"Mise \u00e0 jour le mars 6, 2026 8:49 am"},"featured_img_caption":"","featured_img":"https:\/\/objektmobiliar.ch\/wp-content\/uploads\/2023\/10\/home-header-01-825x510.jpg","series_order":"","_links":{"self":[{"href":"https:\/\/objektmobiliar.ch\/fr\/wp-json\/wp\/v2\/pages\/179","targetHints":{"allow":["GET"]}}],"collection":[{"href":"https:\/\/objektmobiliar.ch\/fr\/wp-json\/wp\/v2\/pages"}],"about":[{"href":"https:\/\/objektmobiliar.ch\/fr\/wp-json\/wp\/v2\/types\/page"}],"author":[{"embeddable":true,"href":"https:\/\/objektmobiliar.ch\/fr\/wp-json\/wp\/v2\/users\/2"}],"replies":[{"embeddable":true,"href":"https:\/\/objektmobiliar.ch\/fr\/wp-json\/wp\/v2\/comments?post=179"}],"version-history":[{"count":41,"href":"https:\/\/objektmobiliar.ch\/fr\/wp-json\/wp\/v2\/pages\/179\/revisions"}],"predecessor-version":[{"id":5937,"href":"https:\/\/objektmobiliar.ch\/fr\/wp-json\/wp\/v2\/pages\/179\/revisions\/5937"}],"wp:featuredmedia":[{"embeddable":true,"href":"https:\/\/objektmobiliar.ch\/fr\/wp-json\/wp\/v2\/media\/1347"}],"wp:attachment":[{"href":"https:\/\/objektmobiliar.ch\/fr\/wp-json\/wp\/v2\/media?parent=179"}],"curies":[{"name":"wp","href":"https:\/\/api.w.org\/{rel}","templated":true}]}}